{"id":69,"date":"2021-07-27T13:21:44","date_gmt":"2021-07-27T13:21:44","guid":{"rendered":"http:\/\/51.124.107.145\/?page_id=69"},"modified":"2023-05-29T13:44:04","modified_gmt":"2023-05-29T13:44:04","slug":"ifjusagi-haz-programjai","status":"publish","type":"page","link":"https:\/\/kozpont.tamaszpont.net\/index.php\/ifjusagi-haz-programjai\/","title":{"rendered":"Ifj\u00fas\u00e1gi H\u00e1z programjai"},"content":{"rendered":"\n<div class=\"wp-block-columns is-layout-flex wp-container-core-columns-is-layout-9d6595d7 wp-block-columns-is-layout-flex\">\n<div class=\"wp-block-column is-layout-flow wp-block-column-is-layout-flow\" style=\"flex-basis:33.33%\"><div class=\"wp-block-image\">\n<figure class=\"aligncenter size-large is-resized\"><img loading=\"lazy\" decoding=\"async\" src=\"https:\/\/kozpont.tamaszpont.net\/wp-content\/uploads\/2023\/05\/ifjusagiprogramok-887x1024.jpg\" alt=\"\" class=\"wp-image-563\" width=\"229\" height=\"263\" srcset=\"https:\/\/kozpont.tamaszpont.net\/wp-content\/uploads\/2023\/05\/ifjusagiprogramok-887x1024.jpg 887w, https:\/\/kozpont.tamaszpont.net\/wp-content\/uploads\/2023\/05\/ifjusagiprogramok-260x300.jpg 260w, https:\/\/kozpont.tamaszpont.net\/wp-content\/uploads\/2023\/05\/ifjusagiprogramok-768x887.jpg 768w, https:\/\/kozpont.tamaszpont.net\/wp-content\/uploads\/2023\/05\/ifjusagiprogramok-1330x1536.jpg 1330w, https:\/\/kozpont.tamaszpont.net\/wp-content\/uploads\/2023\/05\/ifjusagiprogramok.jpg 1390w\" sizes=\"auto, (max-width: 229px) 100vw, 229px\" \/><\/figure>\n<\/div><\/div>\n\n\n\n<div class=\"wp-block-column is-layout-flow wp-block-column-is-layout-flow\" style=\"flex-basis:66.66%\">\n<h2 class=\"wp-block-heading\">K\u00f6tetlen id\u0151t\u00f6lt\u00e9s\u00a0<\/h2>\n\n\n\n<p style=\"font-size:15px\">A K\u00f6z-Pont Ifj\u00fas\u00e1gi H\u00e1z 2012-ben nyitotta meg kapuit Veresegyh\u00e1zon, ahol els\u0151sorban a gyerekek \u00e9s a fiatalok sz\u00e1m\u00e1ra k\u00edn\u00e1lunk kultur\u00e1lis \u00e9s szabadid\u0151s programokat, szolg\u00e1ltat\u00e1sokat. A szervezett programok \u00e9s esem\u00e9nyek mellett az ifj\u00fas\u00e1gi h\u00e1z mindenki sz\u00e1m\u00e1ra nyitott, a szolg\u00e1ltat\u00e1sok pedig szabadon ig\u00e9nybe vehet\u0151k. H\u00e9tk\u00f6znapokon a kora d\u00e9lut\u00e1nokat a k\u00f6tetlen k\u00f6z\u00f6s id\u0151t\u00f6lt\u00e9s hat\u00e1rozza meg, tal\u00e1lhat\u00f3 n\u00e1lunk csocs\u00f3, ping-pong, darts, xbox, t\u00e1rsasj\u00e1t\u00e9kok, tollaslabda, foci \u00e9s ingyen wifi, de ha csak belehuppann\u00e1l egy k\u00e9nyelmes fotelbe \u00e9s besz\u00e9lgetn\u00e9l, akkor is v\u00e1runk szeretettel.\u00a0<\/p>\n<\/div>\n<\/div>\n\n\n\n<hr class=\"wp-block-separator has-alpha-channel-opacity is-style-wide\"\/>\n\n\n\n<div class=\"wp-block-columns is-layout-flex wp-container-core-columns-is-layout-9d6595d7 wp-block-columns-is-layout-flex\">\n<div class=\"wp-block-column is-layout-flow wp-block-column-is-layout-flow\" style=\"flex-basis:33.33%\"><div class=\"wp-block-image\">\n<figure class=\"aligncenter size-large is-resized\"><img loading=\"lazy\" decoding=\"async\" src=\"https:\/\/kozpont.tamaszpont.net\/wp-content\/uploads\/2023\/05\/ifjusagiprogramok-2-901x1024.jpg\" alt=\"\" class=\"wp-image-565\" width=\"235\" height=\"266\" srcset=\"https:\/\/kozpont.tamaszpont.net\/wp-content\/uploads\/2023\/05\/ifjusagiprogramok-2-901x1024.jpg 901w, https:\/\/kozpont.tamaszpont.net\/wp-content\/uploads\/2023\/05\/ifjusagiprogramok-2-264x300.jpg 264w, https:\/\/kozpont.tamaszpont.net\/wp-content\/uploads\/2023\/05\/ifjusagiprogramok-2-768x873.jpg 768w, https:\/\/kozpont.tamaszpont.net\/wp-content\/uploads\/2023\/05\/ifjusagiprogramok-2-1351x1536.jpg 1351w, https:\/\/kozpont.tamaszpont.net\/wp-content\/uploads\/2023\/05\/ifjusagiprogramok-2.jpg 1379w\" sizes=\"auto, (max-width: 235px) 100vw, 235px\" \/><\/figure>\n<\/div><\/div>\n\n\n\n<div class=\"wp-block-column is-layout-flow wp-block-column-is-layout-flow\" style=\"flex-basis:66.66%\">\n<h2 class=\"wp-block-heading\">Filmklub\u00a0<\/h2>\n\n\n\n<p style=\"font-size:15px\">A Filmvit\u00e1b\u00f3l kin\u0151tt esem\u00e9nysorozatunkat 2022 november\u00e9ben kezdt\u00fck el. Olyan ismert filmek ker\u00fcltek eddig v\u00e1szonra, mint p\u00e9ld\u00e1ul az Alkonyat, a Sz\u00f6rny RT vagy a Wednesday c\u00edm\u0171 popul\u00e1ris sorozat. Az alkalmak sor\u00e1n megoszt\u00f3 vagy k\u00f6zkedvelt, elgondolkodtat\u00f3 vagy \u00e9rzelmes, nagyon j\u00f3 vagy \u00e9ppen nagyon rossz filmeket\/sorozatokat n\u00e9z\u00fcnk meg, \u00e9s besz\u00e9lget\u00fcnk r\u00f3luk. Ha \u00e9rdekel a havonta egyszeri, cs\u00fct\u00f6rt\u00f6k-vagy p\u00e9ntek est\u00e9nk\u00e9nt megrendezett esem\u00e9ny\u00fcnk, figyeld az Instagram vagy a Facebook oldalunkat, hogy le ne maradj r\u00f3la!\u00a0<\/p>\n<\/div>\n<\/div>\n\n\n\n<hr class=\"wp-block-separator has-alpha-channel-opacity is-style-wide\"\/>\n\n\n\n<div class=\"wp-block-columns is-layout-flex wp-container-core-columns-is-layout-9d6595d7 wp-block-columns-is-layout-flex\">\n<div class=\"wp-block-column is-layout-flow wp-block-column-is-layout-flow\" style=\"flex-basis:33.33%\"><div class=\"wp-block-image\">\n<figure class=\"aligncenter size-large is-resized\"><img loading=\"lazy\" decoding=\"async\" src=\"https:\/\/kozpont.tamaszpont.net\/wp-content\/uploads\/2023\/05\/ifjusagiprogramok-3-1024x1014.jpg\" alt=\"\" class=\"wp-image-566\" width=\"257\" height=\"253\" srcset=\"https:\/\/kozpont.tamaszpont.net\/wp-content\/uploads\/2023\/05\/ifjusagiprogramok-3-1024x1014.jpg 1024w, https:\/\/kozpont.tamaszpont.net\/wp-content\/uploads\/2023\/05\/ifjusagiprogramok-3-300x297.jpg 300w\" sizes=\"auto, (max-width: 257px) 100vw, 257px\" \/><\/figure>\n<\/div><\/div>\n\n\n\n<div class=\"wp-block-column is-layout-flow wp-block-column-is-layout-flow\" style=\"flex-basis:66.66%\">\n<h2 class=\"wp-block-heading\">P\u00f3kerest\u00a0<\/h2>\n\n\n\n<p style=\"font-size:15px\">A P\u00f3kerest c\u00edm\u0171 esem\u00e9ny\u00fcnket el\u0151sz\u00f6r m\u00e1rciusban rendezt\u00fck meg, Farsangi P\u00f3kerest n\u00e9ven. K\u00e9t havonta tartjuk meg ezt a j\u00e1t\u00e9kos programot, ahol k\u00fcl\u00f6nf\u00e9le nyerem\u00e9nyek\u00e9rt lehet versenyezni kezd\u0151knek \u00e9s halad\u00f3knak egyar\u00e1nt. Ha szeretsz ki\u00f6lt\u00f6zni, p\u00f3kerezni, t\u00e1rsasozni \u00e9s szeretn\u00e9l id\u0151ben visszautazni egy 20-as \u00e9vekbeli kaszin\u00f3ba, akkor figyeld a Facebook oldalunkat \u00e9s az Instagrammunkat, hogy le ne maradj a k\u00f6vetkez\u0151 p\u00f3kerversenyr\u0151l!\u00a0<\/p>\n<\/div>\n<\/div>\n\n\n\n<hr class=\"wp-block-separator has-alpha-channel-opacity is-style-wide\"\/>\n\n\n\n<div class=\"wp-block-columns is-layout-flex wp-container-core-columns-is-layout-9d6595d7 wp-block-columns-is-layout-flex\">\n<div class=\"wp-block-column is-layout-flow wp-block-column-is-layout-flow\" style=\"flex-basis:33.33%\"><div class=\"wp-block-image\">\n<figure class=\"aligncenter size-large is-resized\"><img loading=\"lazy\" decoding=\"async\" src=\"https:\/\/kozpont.tamaszpont.net\/wp-content\/uploads\/2023\/05\/ifjusagiprogramok-4-923x1024.jpg\" alt=\"\" class=\"wp-image-567\" width=\"239\" height=\"264\" srcset=\"https:\/\/kozpont.tamaszpont.net\/wp-content\/uploads\/2023\/05\/ifjusagiprogramok-4-923x1024.jpg 923w, https:\/\/kozpont.tamaszpont.net\/wp-content\/uploads\/2023\/05\/ifjusagiprogramok-4-768x852.jpg 768w, https:\/\/kozpont.tamaszpont.net\/wp-content\/uploads\/2023\/05\/ifjusagiprogramok-4.jpg 1286w\" sizes=\"auto, (max-width: 239px) 100vw, 239px\" \/><\/figure>\n<\/div><\/div>\n\n\n\n<div class=\"wp-block-column is-layout-flow wp-block-column-is-layout-flow\" style=\"flex-basis:66.66%\">\n<h2 class=\"wp-block-heading\">Kertmozi\u00a0<\/h2>\n\n\n\n<p style=\"font-size:15px\">Langyos ny\u00e1ri este, egy t\u00e1gas kert a belv\u00e1ros sz\u00edv\u00e9ben, egy hatalmas moziv\u00e1szon, illatoz\u00f3 popcorn, csal\u00e1dias hangulat&#8230; ezekkel v\u00e1rjuk a kicsiket \u00e9s nagyokat egyar\u00e1nt a Kertmoziban. Rendszerint olyan filmeket, rajzfilmeket vet\u00edt\u00fcnk, mely minden koroszt\u00e1ly sz\u00e1m\u00e1ra kikapcsol\u00f3d\u00e1st ny\u00fajt. Az aktu\u00e1lis aj\u00e1nlatukat mindig k\u00f6zz\u00e9tessz\u00fck k\u00f6z\u00f6ss\u00e9gi m\u00e9dia fel\u00fcleteinken, t\u00e1j\u00e9koz\u00f3dj, hogy le ne maradj! A bel\u00e9p\u00e9s ingyenes.\u00a0<\/p>\n<\/div>\n<\/div>\n\n\n\n<hr class=\"wp-block-separator has-alpha-channel-opacity is-style-wide\"\/>\n\n\n\n<div class=\"wp-block-columns is-layout-flex wp-container-core-columns-is-layout-9d6595d7 wp-block-columns-is-layout-flex\">\n<div class=\"wp-block-column is-layout-flow wp-block-column-is-layout-flow\" style=\"flex-basis:33.33%\"><div class=\"wp-block-image\">\n<figure class=\"aligncenter size-large is-resized\"><img loading=\"lazy\" decoding=\"async\" src=\"https:\/\/kozpont.tamaszpont.net\/wp-content\/uploads\/2023\/05\/ifjusagiprogramok-5-1-940x1024.jpg\" alt=\"\" class=\"wp-image-569\" width=\"277\" height=\"302\" srcset=\"https:\/\/kozpont.tamaszpont.net\/wp-content\/uploads\/2023\/05\/ifjusagiprogramok-5-1-940x1024.jpg 940w, https:\/\/kozpont.tamaszpont.net\/wp-content\/uploads\/2023\/05\/ifjusagiprogramok-5-1-276x300.jpg 276w, https:\/\/kozpont.tamaszpont.net\/wp-content\/uploads\/2023\/05\/ifjusagiprogramok-5-1-768x836.jpg 768w, https:\/\/kozpont.tamaszpont.net\/wp-content\/uploads\/2023\/05\/ifjusagiprogramok-5-1.jpg 1283w\" sizes=\"auto, (max-width: 277px) 100vw, 277px\" \/><\/figure>\n<\/div><\/div>\n\n\n\n<div class=\"wp-block-column is-layout-flow wp-block-column-is-layout-flow\" style=\"flex-basis:66.66%\">\n<h2 class=\"wp-block-heading\">INTERKUL-TOUR\u00a0\u00a0\u00a0<\/h2>\n\n\n\n<p style=\"font-size:15px\">Nemzetk\u00f6zi d\u00e9lut\u00e1njainkat 2023. m\u00e1rcius\u00e1ban ind\u00edtottuk \u00fatj\u00e1ra, mely sor\u00e1n minden h\u00f3napban egy \u00fajabb orsz\u00e1gba kalauzoljuk az \u00e9rdekl\u0151d\u0151ket. Az esem\u00e9ny sor\u00e1n a r\u00e9sztvev\u0151k j\u00e1t\u00e9kokon \u00e9s workshopokon kereszt\u00fcl ismerkedhetnek meg az adott orsz\u00e1g kult\u00far\u00e1j\u00e1val, nyelv\u00e9vel, gasztron\u00f3mi\u00e1j\u00e1val. Minden alkalommal vend\u00e9g\u00fcl l\u00e1tunk egy olyan szem\u00e9lyt is, aki az adott orsz\u00e1gb\u00f3l sz\u00e1rmazik, vagy olyan hazai \u00f6nk\u00e9ntest, aki hossz\u00fat\u00e1von \u00e9lt m\u00e1r ott. Ha ti sem szeretn\u00e9tek lemaradni k\u00f6vetkez\u0151 INTERKUL-TOUR alkalmunkr\u00f3l, akkor k\u00f6vess\u00e9tek Facebook \u00e9s Instagram oldalainkat.\u00a0<\/p>\n<\/div>\n<\/div>\n","protected":false},"excerpt":{"rendered":"<p>K\u00f6tetlen id\u0151t\u00f6lt\u00e9s\u00a0 A K\u00f6z-Pont Ifj\u00fas\u00e1gi H\u00e1z 2012-ben nyitotta meg kapuit Veresegyh\u00e1zon, ahol els\u0151sorban a gyerekek \u00e9s a fiatalok sz\u00e1m\u00e1ra k\u00edn\u00e1lunk &hellip; <a href=\"https:\/\/kozpont.tamaszpont.net\/index.php\/ifjusagi-haz-programjai\/\" class=\"more-link\"><span class=\"more-button\">Continue reading &gt;<span class=\"screen-reader-text\">Ifj\u00fas\u00e1gi H\u00e1z programjai<\/span><\/span><\/a><\/p>\n","protected":false},"author":1,"featured_media":0,"parent":0,"menu_order":0,"comment_status":"closed","ping_status":"closed","template":"","meta":{"footnotes":""},"class_list":["post-69","page","type-page","status-publish","hentry"],"_links":{"self":[{"href":"https:\/\/kozpont.tamaszpont.net\/index.php\/wp-json\/wp\/v2\/pages\/69","targetHints":{"allow":["GET"]}}],"collection":[{"href":"https:\/\/kozpont.tamaszpont.net\/index.php\/wp-json\/wp\/v2\/pages"}],"about":[{"href":"https:\/\/kozpont.tamaszpont.net\/index.php\/wp-json\/wp\/v2\/types\/page"}],"author":[{"embeddable":true,"href":"https:\/\/kozpont.tamaszpont.net\/index.php\/wp-json\/wp\/v2\/users\/1"}],"replies":[{"embeddable":true,"href":"https:\/\/kozpont.tamaszpont.net\/index.php\/wp-json\/wp\/v2\/comments?post=69"}],"version-history":[{"count":4,"href":"https:\/\/kozpont.tamaszpont.net\/index.php\/wp-json\/wp\/v2\/pages\/69\/revisions"}],"predecessor-version":[{"id":570,"href":"https:\/\/kozpont.tamaszpont.net\/index.php\/wp-json\/wp\/v2\/pages\/69\/revisions\/570"}],"wp:attachment":[{"href":"https:\/\/kozpont.tamaszpont.net\/index.php\/wp-json\/wp\/v2\/media?parent=69"}],"curies":[{"name":"wp","href":"https:\/\/api.w.org\/{rel}","templated":true}]}}